{"id":22,"date":"2018-07-10T07:21:46","date_gmt":"2018-07-10T07:21:46","guid":{"rendered":"http:\/\/dadiad.it\/sites\/fab1\/?page_id=22"},"modified":"2021-10-11T09:57:50","modified_gmt":"2021-10-11T09:57:50","slug":"la-nostra-storia","status":"publish","type":"page","link":"https:\/\/fondazioneaureliobeltrami.org\/index.php\/la-nostra-storia\/","title":{"rendered":"LA NOSTRA STORIA"},"content":{"rendered":"<p>[et_pb_section fb_built=&#8221;1&#8243; _builder_version=&#8221;3.22&#8243; custom_padding=&#8221;0|0px|15px|0px|false|false&#8221; global_colors_info=&#8221;{}&#8221;][et_pb_row make_equal=&#8221;on&#8221; module_class=&#8221; et_pb_row_fullwidth&#8221; _builder_version=&#8221;3.25&#8243; background_size=&#8221;initial&#8221; background_position=&#8221;top_left&#8221; background_repeat=&#8221;repeat&#8221; width=&#8221;89%&#8221; width_tablet=&#8221;80%&#8221; width_last_edited=&#8221;on|desktop&#8221; max_width=&#8221;89%&#8221; max_width_tablet=&#8221;80%&#8221; max_width_last_edited=&#8221;on|desktop&#8221; module_alignment=&#8221;center&#8221; custom_margin=&#8221;|||&#8221; custom_padding=&#8221;|||&#8221; make_fullwidth=&#8221;on&#8221; global_colors_info=&#8221;{}&#8221; column_structure=&#8221;1_2,1_4,1_4&#8243;][et_pb_column type=&#8221;1_2&#8243; _builder_version=&#8221;3.25&#8243; custom_padding=&#8221;|||&#8221; global_colors_info=&#8221;{}&#8221; custom_padding__hover=&#8221;|||&#8221;][et_pb_sidebar area=&#8221;sidebar-1&#8243; disabled_on=&#8221;|on|on&#8221; _builder_version=&#8221;3.17.6&#8243; text_orientation=&#8221;center&#8221; custom_margin=&#8221;10px|||&#8221; saved_tabs=&#8221;all&#8221; global_colors_info=&#8221;{}&#8221;][\/et_pb_sidebar][et_pb_post_title meta=&#8221;off&#8221; featured_image=&#8221;off&#8221; _builder_version=&#8221;3.17.6&#8243; title_font=&#8221;|700||on|||||&#8221; title_font_size=&#8221;20px&#8221; meta_font=&#8221;||||||||&#8221; max_width=&#8221;100%&#8221; custom_margin=&#8221;15px||0px|25px&#8221; custom_padding=&#8221;15px||0px&#8221; link_option_url=&#8221;https:\/\/fondazioneaureliobeltrami.org\/wp-content\/uploads\/2019\/11\/Vincitori-borse-studio-della-FAB-3.pdf&#8221; global_module=&#8221;194&#8243; global_colors_info=&#8221;{}&#8221;]<\/p>\n<p><a name=\"cap1\"><\/a><b><span class=\"titolo\"><strong>Palazzo\u00a0 di\u00a0 VIA LANZONE 7 &#8211; 20123 MILANO<\/strong><\/span><\/b><\/p>\n<p><span>In centro citt\u00e0 , vicino a Sant\u2019Ambrogio.<\/span><br \/> <span>Costruito tra nel 1960,\u00a0 \u00a0 \u00a0 ha\u00a0 20 appartamenti, 3 uffici,\u00a0 2 negozi ,\u00a0 6 piccoli magazzini e\u00a0\u00a0<\/span><span> 7 box,\u00a0 per un totale di circa 3.800 mq.<\/span><\/p>\n<p>[\/et_pb_post_title][et_pb_text _builder_version=&#8221;4.10.7&#8243; custom_margin=&#8221;|||&#8221; custom_padding=&#8221;20px|30px|20px|30px&#8221; hover_enabled=&#8221;0&#8243; global_colors_info=&#8221;{}&#8221; sticky_enabled=&#8221;0&#8243;]<\/p>\n<p><strong>Gli inizi<\/strong><\/p>\n<p>La\u00a0<strong>Fondazione Aurelio Beltrami<\/strong>\u00a0ha radici che risalgono al 1891\u00a0 quando<strong>\u00a0 Aurelio Beltrami<\/strong>\u00a0nasce a Cremona. Dopo una giovinezza intensa scandita dagli studi in Ingegneria -svolti con il supporto del Collegio Ghislieri di Pavia-\u00a0 e dal servizio militare, nel 1920 egli fonda a Milano l&#8217;<strong>Istituto Radiotecnico <\/strong>che inizia a formare intere generazioni di specialisti di questa nuova tecnologia e prosegue la sua attivit\u00e0 per molti decenni.<\/p>\n<p>Nel 1967 l<strong>&#8216;Ing. Beltrami<\/strong>\u00a0muore lasciando un testamento che prevede l&#8217;istituzione di una Fondazione che porti il suo nome e che amministri l&#8217;istituto\u00a0 e il\u00a0 patrimonio immobiliare costituito dai suoi beni personali. La Fondazione Aurelio Beltrami viene costituita il 19.04.1968 , data in cui ne viene approvato lo statuto iniziale.<\/p>\n<p>Leggi tutta la storia scaricando il <strong>fascicolo del 1987 &#8220;nascita e storia della fondazione&#8221;<\/strong><\/p>\n<p><strong>Gli anni 1970-1980, la cooperativa e i corsi<\/strong><\/p>\n<p>I primi anni videro la FAB impegnata in una durissima lotta per far sopravvivere l&#8217;istituto Radiotecnico,\u00a0 quando ormai l&#8217;ambiente\u00a0 era diventato sempre pi\u00f9 sfavorevole ed era sempre pi\u00f9 difficile far quadrare i conti. In quegli anni l&#8217;attivit\u00e0 didattica venne gestita da una\u00a0 Cooperativa dei Professori fino a quando\u00a0 attorno al 1980 la scuola dovette cessare l&#8217;attivit\u00e0 .<\/p>\n<p><strong>Gli anni 1980 -2000<\/strong><\/p>\n<p>Cessata l&#8217;attivit\u00e0 dell&#8217;Istituto Radiotecnico, la Fondazione\u00a0 inizi\u00f2 anche\u00a0 ad erogare<strong> borse di studio<\/strong>\u00a0 a studenti del Politecnico di Milano\u00a0 e contributi al Collegio Ghislieri.<\/p>\n<p>In quegli anni\u00a0 FAB\u00a0 \u00a0cre\u00f2 delle giornate di studio\u00a0 dette i\u00a0 <strong>Corsi della Fondazione<\/strong> .\u00a0 Si trattava di convegni tenuti da docenti\u00a0 di alto livello su temi tecnologici di avanguardia. I Corsi vennero organizzati fino all&#8217;inizio degli anni 2000, quando anche questa attivit\u00e0 divenne impraticabile. Qui di seguito ci sono informazioni pi\u00f9 ampie in merito .<\/p>\n<p>Parallelamente divenne sempre pi\u00f9 difficile gestire il patrimonio immobiliare. Fu necessario cederne una parte che era molto deteriorata dal punto di vista della manutenzione e che vedeva\u00a0 la presenza di numerosi inquilini morosi da cui era impossibile ottenere gli affitti dovuti. Questo in presenza del blocco degli affitti e\u00a0 di una normativa\u00a0 e di una giustizia civile che non garantiva\u00a0 alla Propriet\u00e0 la certezza del diritto.<\/p>\n<p><strong>Gli anni dal\u00a0 2000 in avanti\u00a0<\/strong><\/p>\n<p>Anche se oggi la situazione \u00e8 migliorata, la mancanza di una reale giustizia civile costituisce\u00a0 sempre un freno per la gestione efficiente della propriet\u00e0 immobiliare. L&#8217;introduzione dell&#8217;IMU nel 2012 ha comportato un notevole aggravio economico.\u00a0<span style=\"font-size: 14px;\">E&#8217; continuata l&#8217;erogazione delle Borse di studio e dei contributi al Collegio Ghislieri.<\/span><span style=\"font-size: 14px;\">\u00a0Si \u00e8 avviato il progetto Dumenza.\u00a0 E&#8217; partita\u00a0 l&#8217;iniziativa che collega gli ex borsisti nella comunit\u00e0 degli\u00a0<strong> Amici della FAB<\/strong> con l&#8217;obiettivo di far s\u00ec che chi ha ricevuto una borsa di studio in passato aiuti\u00a0 gli studenti di oggi\u00a0tramite la FAB.<\/span><\/p>\n<p><strong style=\"font-size: 14px;\">I presidenti<\/strong><\/p>\n<p><span style=\"font-size: 14px;\">Dall&#8217;origine ad oggi si sono susseguiti come presidenti il Prof.\u00a0<\/span><strong style=\"font-size: 14px;\">Luigi Bianchi<\/strong><span style=\"font-size: 14px;\">\u00a0(dal 1972 al 1990), l\u2019Ing.\u00a0<\/span><strong style=\"font-size: 14px;\">Alessandro Broglio<\/strong><span style=\"font-size: 14px;\">\u00a0(dal 1990 al 1994), il Dr.\u00a0<\/span><strong style=\"font-size: 14px;\">Pietro Cardona<\/strong><span style=\"font-size: 14px;\">\u00a0(dal 1995 al 2002), l\u2019Ing.\u00a0<\/span><strong style=\"font-size: 14px;\">Carlo Brasca<\/strong><span style=\"font-size: 14px;\">\u00a0(dal 2002 al 2008) e la Dott.ssa\u00a0<\/span><strong style=\"font-size: 14px;\">Dorotea Broglio<\/strong><span style=\"font-size: 14px;\">\u00a0(dal novembre 2008 ad oggi).<\/span><\/p>\n<p><strong>Lo statuto<\/strong><\/p>\n<p><span style=\"font-size: 14px;\">Oggi la<\/span><strong style=\"font-size: 14px;\">\u00a0FAB<\/strong><span style=\"font-size: 14px;\">\u00a0\u00e8 regolata dallo statuto approvato dalla Regione Lombardia il 29 luglio\u00a0 2016.<\/span><\/p>\n<p>&nbsp;<\/p>\n<p><span style=\"font-size: 14px;\"><strong>I Corsi\u00a0<\/strong><\/span><\/p>\n<p>Come detto sopra, la\u00a0<strong>FAB<\/strong>\u00a0ha organizzato negli anni numerosi corsi di aggiornamento di alto livello con docenti universitari ed esperti aziendali. I temi proposti sono sempre stati di grande interesse e si sono rivelati determinanti per lo sviluppo tecnologico ed economico dei nostri giorni.<br \/>Si pensi ai corsi sulle fibre ottiche, sulle tecniche digitali, sui laser, sui CAD, sull\u2019elettronica nel settore automobilistico, sulle applicazioni mediche del laser, sulle tecnologie elettro-ottiche, sull\u2019automazione flessibile, sulle LAN, sui sensori eccetera. L\u2019elenco \u00e8 lungo e rimandiamo alla lista allegata. In tutto sono stati svolti un centinaio di corsi, a cui hanno partecipato quasi 7000 persone.<\/p>\n<p>Il corposo materiale utilizzato dai docenti costituisce una preziosa raccolta di informazioni ed \u00e8 al tempo stesso una testimonianza dell\u2019attivit\u00e0 svolta per molti anni dalla<strong>\u00a0FAB<\/strong>.<\/p>\n<p>&nbsp;<\/p>\n<p>[\/et_pb_text][\/et_pb_column][et_pb_column type=&#8221;1_4&#8243; _builder_version=&#8221;3.25&#8243; custom_padding=&#8221;|15px||15px&#8221; custom_padding_last_edited=&#8221;on|tablet&#8221; global_colors_info=&#8221;{}&#8221; custom_padding__hover=&#8221;|||&#8221;][et_pb_image src=&#8221;https:\/\/fondazioneaureliobeltrami.org\/wp-content\/uploads\/2019\/03\/Cremona_centro.jpg&#8221; align=&#8221;center&#8221; align_tablet=&#8221;center&#8221; align_last_edited=&#8221;on|desktop&#8221; _builder_version=&#8221;3.23&#8243; custom_padding=&#8221;20px|||&#8221; global_colors_info=&#8221;{}&#8221;]<br \/>\n[\/et_pb_image][et_pb_text _builder_version=&#8221;3.27.4&#8243; text_orientation=&#8221;center&#8221; custom_padding=&#8221;5px|0px|15px|0px&#8221; global_colors_info=&#8221;{}&#8221;]<\/p>\n<p>CREMONA<\/p>\n<p>&nbsp;<\/p>\n<p>[\/et_pb_text][et_pb_image src=&#8221;https:\/\/fondazioneaureliobeltrami.org\/wp-content\/uploads\/2018\/09\/beltrami.jpg&#8221; align=&#8221;center&#8221; force_fullwidth=&#8221;on&#8221; align_tablet=&#8221;center&#8221; align_last_edited=&#8221;on|desktop&#8221; _builder_version=&#8221;3.23&#8243; custom_padding=&#8221;|||&#8221; global_colors_info=&#8221;{}&#8221;]<br \/>\n[\/et_pb_image][et_pb_text _builder_version=&#8221;3.27.4&#8243; text_orientation=&#8221;center&#8221; custom_padding=&#8221;5px|0px|15px|0px&#8221; global_colors_info=&#8221;{}&#8221;]<\/p>\n<p>\u00a0AURELIO BELTRAMI nel 1967<\/p>\n<p>&nbsp;<\/p>\n<p>[\/et_pb_text][et_pb_image src=&#8221;https:\/\/fondazioneaureliobeltrami.org\/wp-content\/uploads\/2019\/03\/INGRESSO.jpg&#8221; align=&#8221;center&#8221; align_tablet=&#8221;center&#8221; align_last_edited=&#8221;on|desktop&#8221; _builder_version=&#8221;3.23&#8243; custom_padding=&#8221;|||&#8221; global_colors_info=&#8221;{}&#8221;]<br \/>\n[\/et_pb_image][et_pb_text _builder_version=&#8221;3.27.4&#8243; text_orientation=&#8221;center&#8221; custom_padding=&#8221;5px|0px|15px|0px&#8221; global_colors_info=&#8221;{}&#8221;]<\/p>\n<p>SEDE STORICA ISTITUTO RADIOTECNICO<\/p>\n<p>&nbsp;<\/p>\n<p>[\/et_pb_text][\/et_pb_column][et_pb_column type=&#8221;1_4&#8243; _builder_version=&#8221;3.25&#8243; background_color=&#8221;#f2f2f2&#8243; custom_padding=&#8221;20px|10px||10px&#8221; global_colors_info=&#8221;{}&#8221; custom_padding__hover=&#8221;|||&#8221;][et_pb_sidebar area=&#8221;sidebar-1&#8243; disabled_on=&#8221;on||&#8221; _builder_version=&#8221;3.17.6&#8243; global_colors_info=&#8221;{}&#8221;][\/et_pb_sidebar][et_pb_button button_url=&#8221;https:\/\/fondazioneaureliobeltrami.org\/wp-content\/uploads\/2018\/09\/testamento_manoscritto2.pdf&#8221; url_new_window=&#8221;on&#8221; button_text=&#8221;Testamento olografo&#8221; button_alignment=&#8221;center&#8221; _builder_version=&#8221;3.17.6&#8243; custom_button=&#8221;on&#8221; button_text_size=&#8221;14px&#8221; button_text_color=&#8221;rgba(2,68,112,0.68)&#8221; custom_margin=&#8221;20px|||&#8221; global_colors_info=&#8221;{}&#8221; button_text_size__hover_enabled=&#8221;off&#8221; button_one_text_size__hover_enabled=&#8221;off&#8221; button_two_text_size__hover_enabled=&#8221;off&#8221; button_text_color__hover_enabled=&#8221;off&#8221; button_one_text_color__hover_enabled=&#8221;off&#8221; button_two_text_color__hover_enabled=&#8221;off&#8221; button_border_width__hover_enabled=&#8221;off&#8221; button_one_border_width__hover_enabled=&#8221;off&#8221; button_two_border_width__hover_enabled=&#8221;off&#8221; button_border_color__hover_enabled=&#8221;off&#8221; button_one_border_color__hover_enabled=&#8221;off&#8221; button_two_border_color__hover_enabled=&#8221;off&#8221; button_border_radius__hover_enabled=&#8221;off&#8221; button_one_border_radius__hover_enabled=&#8221;off&#8221; button_two_border_radius__hover_enabled=&#8221;off&#8221; button_letter_spacing__hover_enabled=&#8221;off&#8221; button_one_letter_spacing__hover_enabled=&#8221;off&#8221; button_two_letter_spacing__hover_enabled=&#8221;off&#8221; button_bg_color__hover_enabled=&#8221;off&#8221; button_one_bg_color__hover_enabled=&#8221;off&#8221; button_two_bg_color__hover_enabled=&#8221;off&#8221;]<br \/>\n[\/et_pb_button][et_pb_button button_url=&#8221;https:\/\/fondazioneaureliobeltrami.org\/wp-content\/uploads\/2018\/09\/testamento_trascritto.pdf&#8221; url_new_window=&#8221;on&#8221; button_text=&#8221;Testamento dattiloscritto&#8221; button_alignment=&#8221;center&#8221; _builder_version=&#8221;3.17.6&#8243; custom_button=&#8221;on&#8221; button_text_size=&#8221;14px&#8221; button_text_color=&#8221;rgba(2,68,112,0.68)&#8221; custom_margin=&#8221;20px|||&#8221; custom_padding=&#8221;|||&#8221; global_colors_info=&#8221;{}&#8221; button_text_size__hover_enabled=&#8221;off&#8221; button_one_text_size__hover_enabled=&#8221;off&#8221; button_two_text_size__hover_enabled=&#8221;off&#8221; button_text_color__hover_enabled=&#8221;off&#8221; button_one_text_color__hover_enabled=&#8221;off&#8221; button_two_text_color__hover_enabled=&#8221;off&#8221; button_border_width__hover_enabled=&#8221;off&#8221; button_one_border_width__hover_enabled=&#8221;off&#8221; button_two_border_width__hover_enabled=&#8221;off&#8221; button_border_color__hover_enabled=&#8221;off&#8221; button_one_border_color__hover_enabled=&#8221;off&#8221; button_two_border_color__hover_enabled=&#8221;off&#8221; button_border_radius__hover_enabled=&#8221;off&#8221; button_one_border_radius__hover_enabled=&#8221;off&#8221; button_two_border_radius__hover_enabled=&#8221;off&#8221; button_letter_spacing__hover_enabled=&#8221;off&#8221; button_one_letter_spacing__hover_enabled=&#8221;off&#8221; button_two_letter_spacing__hover_enabled=&#8221;off&#8221; button_bg_color__hover_enabled=&#8221;off&#8221; button_one_bg_color__hover_enabled=&#8221;off&#8221; button_two_bg_color__hover_enabled=&#8221;off&#8221;]<br \/>\n[\/et_pb_button][et_pb_button button_url=&#8221;https:\/\/fondazioneaureliobeltrami.org\/wp-content\/uploads\/2019\/03\/Storia-di-un-Istituto-Nascita-di-una-Fondazione.pdf&#8221; url_new_window=&#8221;on&#8221; button_text=&#8221;Nascita e storia della fondazione&#8221; button_alignment=&#8221;center&#8221; _builder_version=&#8221;3.17.6&#8243; custom_button=&#8221;on&#8221; button_text_size=&#8221;14px&#8221; button_text_color=&#8221;rgba(2,68,112,0.68)&#8221; custom_margin=&#8221;20px|||&#8221; custom_padding=&#8221;|||&#8221; global_colors_info=&#8221;{}&#8221; button_text_size__hover_enabled=&#8221;off&#8221; button_one_text_size__hover_enabled=&#8221;off&#8221; button_two_text_size__hover_enabled=&#8221;off&#8221; button_text_color__hover_enabled=&#8221;off&#8221; button_one_text_color__hover_enabled=&#8221;off&#8221; button_two_text_color__hover_enabled=&#8221;off&#8221; button_border_width__hover_enabled=&#8221;off&#8221; button_one_border_width__hover_enabled=&#8221;off&#8221; button_two_border_width__hover_enabled=&#8221;off&#8221; button_border_color__hover_enabled=&#8221;off&#8221; button_one_border_color__hover_enabled=&#8221;off&#8221; button_two_border_color__hover_enabled=&#8221;off&#8221; button_border_radius__hover_enabled=&#8221;off&#8221; button_one_border_radius__hover_enabled=&#8221;off&#8221; button_two_border_radius__hover_enabled=&#8221;off&#8221; button_letter_spacing__hover_enabled=&#8221;off&#8221; button_one_letter_spacing__hover_enabled=&#8221;off&#8221; button_two_letter_spacing__hover_enabled=&#8221;off&#8221; button_bg_color__hover_enabled=&#8221;off&#8221; button_one_bg_color__hover_enabled=&#8221;off&#8221; button_two_bg_color__hover_enabled=&#8221;off&#8221;]<br \/>\n[\/et_pb_button][et_pb_button button_url=&#8221;https:\/\/fondazioneaureliobeltrami.org\/wp-content\/uploads\/2019\/03\/Elenco-Convegni-Corsi-FAB.pdf&#8221; url_new_window=&#8221;on&#8221; button_text=&#8221;Corsi della fondazione&#8221; button_alignment=&#8221;center&#8221; _builder_version=&#8221;3.17.6&#8243; custom_button=&#8221;on&#8221; button_text_size=&#8221;14px&#8221; button_text_color=&#8221;rgba(2,68,112,0.68)&#8221; custom_margin=&#8221;20px|||&#8221; custom_padding=&#8221;|||&#8221; global_colors_info=&#8221;{}&#8221; button_text_size__hover_enabled=&#8221;off&#8221; button_one_text_size__hover_enabled=&#8221;off&#8221; button_two_text_size__hover_enabled=&#8221;off&#8221; button_text_color__hover_enabled=&#8221;off&#8221; button_one_text_color__hover_enabled=&#8221;off&#8221; button_two_text_color__hover_enabled=&#8221;off&#8221; button_border_width__hover_enabled=&#8221;off&#8221; button_one_border_width__hover_enabled=&#8221;off&#8221; button_two_border_width__hover_enabled=&#8221;off&#8221; button_border_color__hover_enabled=&#8221;off&#8221; button_one_border_color__hover_enabled=&#8221;off&#8221; button_two_border_color__hover_enabled=&#8221;off&#8221; button_border_radius__hover_enabled=&#8221;off&#8221; button_one_border_radius__hover_enabled=&#8221;off&#8221; button_two_border_radius__hover_enabled=&#8221;off&#8221; button_letter_spacing__hover_enabled=&#8221;off&#8221; button_one_letter_spacing__hover_enabled=&#8221;off&#8221; button_two_letter_spacing__hover_enabled=&#8221;off&#8221; button_bg_color__hover_enabled=&#8221;off&#8221; button_one_bg_color__hover_enabled=&#8221;off&#8221; button_two_bg_color__hover_enabled=&#8221;off&#8221;]<br \/>\n[\/et_pb_button][\/et_pb_column][\/et_pb_row][\/et_pb_section]<\/p>\n","protected":false},"excerpt":{"rendered":"<p>Palazzo\u00a0 di\u00a0 VIA LANZONE 7 &#8211; 20123 MILANO In centro citt\u00e0 , vicino a Sant\u2019Ambrogio. Costruito tra nel 1960,\u00a0 \u00a0 \u00a0 ha\u00a0 20 appartamenti, 3 uffici,\u00a0 2 negozi ,\u00a0 6 piccoli magazzini e\u00a0\u00a0 7 box,\u00a0 per un totale di circa 3.800 mq. Gli inizi La\u00a0Fondazione Aurelio Beltrami\u00a0ha radici che risalgono al 1891\u00a0 quando\u00a0 Aurelio Beltrami\u00a0nasce [&hellip;]<\/p>\n","protected":false},"author":1,"featured_media":0,"parent":0,"menu_order":0,"comment_status":"closed","ping_status":"closed","template":"","meta":{"_et_pb_use_builder":"on","_et_pb_old_content":"","_et_gb_content_width":"","footnotes":""},"class_list":["post-22","page","type-page","status-publish","hentry"],"_links":{"self":[{"href":"https:\/\/fondazioneaureliobeltrami.org\/index.php\/wp-json\/wp\/v2\/pages\/22","targetHints":{"allow":["GET"]}}],"collection":[{"href":"https:\/\/fondazioneaureliobeltrami.org\/index.php\/wp-json\/wp\/v2\/pages"}],"about":[{"href":"https:\/\/fondazioneaureliobeltrami.org\/index.php\/wp-json\/wp\/v2\/types\/page"}],"author":[{"embeddable":true,"href":"https:\/\/fondazioneaureliobeltrami.org\/index.php\/wp-json\/wp\/v2\/users\/1"}],"replies":[{"embeddable":true,"href":"https:\/\/fondazioneaureliobeltrami.org\/index.php\/wp-json\/wp\/v2\/comments?post=22"}],"version-history":[{"count":22,"href":"https:\/\/fondazioneaureliobeltrami.org\/index.php\/wp-json\/wp\/v2\/pages\/22\/revisions"}],"predecessor-version":[{"id":1433,"href":"https:\/\/fondazioneaureliobeltrami.org\/index.php\/wp-json\/wp\/v2\/pages\/22\/revisions\/1433"}],"wp:attachment":[{"href":"https:\/\/fondazioneaureliobeltrami.org\/index.php\/wp-json\/wp\/v2\/media?parent=22"}],"curies":[{"name":"wp","href":"https:\/\/api.w.org\/{rel}","templated":true}]}}